{"id":132,"date":"2013-07-25T22:06:18","date_gmt":"2013-07-25T22:06:18","guid":{"rendered":"https:\/\/www.odontologiabordelnieto.es\/?page_id=132"},"modified":"2013-10-27T21:42:28","modified_gmt":"2013-10-27T21:42:28","slug":"ortodoncia","status":"publish","type":"page","link":"https:\/\/www.odontologiabordelnieto.es\/?page_id=132","title":{"rendered":"Ortodoncia"},"content":{"rendered":"<p>&nbsp;<\/p>\n<table style=\"background-color: #dddddd;\" border=\"0\">\n<tbody>\n<tr>\n<td style=\"background-color: #dddddd;\">\n<p style=\"text-align: justify;\"><b>ORTODONCIA<\/b><\/p>\n<p style=\"text-align: justify;\">La ortodoncia es la especialidad dentro de la odontolog\u00eda, que busca la correcci\u00f3n de las maloclusiones o defectos en la posici\u00f3n de los dientes, gracias a fuerzas ejercidas mediante aparatos que producen un movimiento controlado de dichos dientes.<\/p>\n<p style=\"text-align: justify;\">Es evidente que el objetivo principal de la ortodoncia y por lo tanto el motivo m\u00e1s frecuente de consulta, es fundamentalmente est\u00e9tico, es decir conseguir una buena apariencia, y un buen alineamiento dentario. Sin embargo es primordial entender que no solo es \u00e9ste el fin de estos tratamientos correctores.<\/p>\n<p style=\"text-align: justify;\">Las maloclusiones son un problema del \u00e1mbito bucofacial bastante prevalente en nuestra poblaci\u00f3n. Por esta raz\u00f3n es importante conocer la causa precisa o los factores que pueden predisponer a un individuo\u00a0a presentar una maloclusi\u00f3n con el fin de prevenirla o tratarla mejor. Sin embargo, a diferencia de otras entidades patol\u00f3gicas que tienen una etiolog\u00eda clara, la mayor\u00eda de las maloclusiones son alteraciones m\u00e1s o menos acentuadas del crecimiento y el desarrollo.<\/p>\n<p style=\"text-align: justify;\">Una gran parte de las maloclusiones podr\u00edan haberse evitado, fundamentalmente aquellas cuya etiopatogenia esta ligada a causas adquiridas. Se trata de promocionar, de una manera lo m\u00e1s eficaz posible, un correcto desarrollo, crecimiento y maduraci\u00f3n de las estructuras dent\u00f3-maxilo-faciales.<\/p>\n<p style=\"text-align: justify;\">Debemos detectar y evitar de forma precoz h\u00e1bitos adquiridos nocivos como la respiraci\u00f3n bucal, la succi\u00f3n del dedo y la persistencia de la degluci\u00f3n infantil. As\u00ed mismo se deben evitar trastornos como la p\u00e9rdida prematura de dientes temporales, dientes supernumerarios que pueden alterar la erupci\u00f3n correcta\u00a0 de los dientes generando una maloclusi\u00f3n.<\/p>\n<p style=\"text-align: justify;\">Tambi\u00e9n tenemos que actuar corrigiendo anomal\u00edas oclusales en estados iniciales que pueden interferir en el correcto desarrollo mediante la ortodoncia interceptiva.<\/p>\n<p style=\"text-align: justify;\">Por \u00faltimo podemos actuar sobre las maloclusiones ya establecidas en personas adultas mediante aparatolog\u00eda fija que puede ayudarse de la cirug\u00eda ortogn\u00e1tica en casos de deformidades esquel\u00e9ticas.<\/p>\n<div id=\"attachment_355\" style=\"width: 239px\" class=\"wp-caption aligncenter\"><a href=\"https:\/\/www.odontologiabordelnieto.es\/wp-content\/uploads\/ORTODONCIA1.jpg\"><img aria-describedby=\"caption-attachment-355\" decoding=\"async\" loading=\"lazy\" class=\" wp-image-355\" title=\"Braquets removible\" alt=\"Braquets removible\" src=\"https:\/\/www.odontologiabordelnieto.es\/wp-content\/uploads\/ORTODONCIA1.jpg\" width=\"229\" height=\"175\" \/><\/a><p id=\"caption-attachment-355\" class=\"wp-caption-text\">Braquets removible<\/p><\/div>\n<div id=\"attachment_356\" style=\"width: 241px\" class=\"wp-caption aligncenter\"><a href=\"https:\/\/www.odontologiabordelnieto.es\/wp-content\/uploads\/ORTODONCIA2.jpg\"><img aria-describedby=\"caption-attachment-356\" decoding=\"async\" loading=\"lazy\" class=\" wp-image-356\" title=\"Ortodoncia invisible\" alt=\"Ortodoncia invisible\" src=\"https:\/\/www.odontologiabordelnieto.es\/wp-content\/uploads\/ORTODONCIA2.jpg\" width=\"231\" height=\"142\" \/><\/a><p id=\"caption-attachment-356\" class=\"wp-caption-text\">Ortodoncia invisible<\/p><\/div>\n<div id=\"attachment_349\" style=\"width: 241px\" class=\"wp-caption aligncenter\"><a href=\"https:\/\/www.odontologiabordelnieto.es\/wp-content\/uploads\/ORTODONCIA3.jpg\"><img aria-describedby=\"caption-attachment-349\" decoding=\"async\" loading=\"lazy\" class=\" wp-image-349\" title=\"Tratamiento canino incluido\" alt=\"Tratamiento canino incluido\" src=\"https:\/\/www.odontologiabordelnieto.es\/wp-content\/uploads\/ORTODONCIA3.jpg\" width=\"231\" height=\"175\" \/><\/a><p id=\"caption-attachment-349\" class=\"wp-caption-text\">Tratamiento canino incluido<\/p><\/div>\n<div id=\"attachment_350\" style=\"width: 243px\" class=\"wp-caption aligncenter\"><a href=\"https:\/\/www.odontologiabordelnieto.es\/wp-content\/uploads\/ORTODONCIA4.jpg\"><img aria-describedby=\"caption-attachment-350\" decoding=\"async\" loading=\"lazy\" class=\" wp-image-350\" title=\"Ortodoncia fija\" alt=\"Ortodoncia fija\" src=\"https:\/\/www.odontologiabordelnieto.es\/wp-content\/uploads\/ORTODONCIA4.jpg\" width=\"233\" height=\"174\" \/><\/a><p id=\"caption-attachment-350\" class=\"wp-caption-text\">Ortodoncia fija<\/p><\/div>\n<p>&nbsp;<\/p>\n<p style=\"text-align: justify;\"><b>MALOCLUSIONES: CONCEPTO Y CLASIFICACION<\/b><\/p>\n<p style=\"text-align: justify;\">Cuando los dientes situados en las arcadas superior e inferior se relacionan adecuadamente en perfecta armon\u00eda, hablamos de una \u201c<b>oclusi\u00f3n correcta<\/b>\u201d lo cual da lugar a una digesti\u00f3n fisiol\u00f3gica correcta y consecuentemente a una nutrici\u00f3n adecuada, adem\u00e1s facilita una clara fon\u00e9tica y contribuye a una apariencia atractiva.<\/p>\n<p style=\"text-align: justify;\">Sin embargo cuando los dientes superior e inferior no se relacionan adecuadamente o aquellos se encuentran en posiciones anormales entre arcadas, estamos ante una oclusi\u00f3n incorrecta que denominamos <b>\u201cmaloclusi\u00f3n<\/b>\u201d. Debido a la trascendencia de las maloclusiones que pueden conducir a deformidades de los maxilares existe una rama de la odontolog\u00eda que se ocupa de la detecci\u00f3n, prevenci\u00f3n y correcci\u00f3n de las anomal\u00edas de la oclusi\u00f3n denominada <b>Ortodoncia<\/b> (Ortho=derecho; odonto=diente).\u00a0<\/p>\n<p style=\"text-align: justify;\">Se define <b>Maloclusi\u00f3n <\/b>como una desviaci\u00f3n de lo que es una \u201c<i>Oclusi\u00f3n normal<\/i>\u201d.Resulta parad\u00f3jico pensar que esta es la oclusi\u00f3n menos frecuente por lo que se deber\u00eda llamar <i>oclusi\u00f3n ideal imaginaria. <\/i>Lo normal en ortodoncia es lo menos frecuente que se observa en la poblaci\u00f3n general.<\/p>\n<p style=\"text-align: justify;\">La maloclusi\u00f3n es un t\u00e9rmino universalmente aceptado y de f\u00e1cil compresi\u00f3n, pero que no hay que interpretar como la ant\u00edtesis de la oclusi\u00f3n normal. La dificultad estriba en decidir donde acaba lo que se considera una oclusi\u00f3n normal y empieza una maloclusi\u00f3n. El t\u00e9rmino maloclusi\u00f3n es gen\u00e9rico y debe aplicarse, sobre todo, a aquellas situaciones que exigen intervenci\u00f3n con ortodoncia m\u00e1s que a cualquier desviaci\u00f3n de la oclusi\u00f3n ideal.\u00a0<\/p>\n<p style=\"text-align: justify;\">El concepto de maloclusi\u00f3n puramente morfol\u00f3gico debe ampliarse y han de valorarse otros aspectos. As\u00ed, desde un punto de vista actual existe una maloclusi\u00f3n cuando una mala disposici\u00f3n de los dientes crea un problema para el individuo tanto desde un punto de vista funcional como psicosocial.<\/p>\n<p style=\"text-align: justify;\">El concepto de maloclusi\u00f3n tambi\u00e9n puede orientarse en funci\u00f3n de la necesidad o indicaci\u00f3n que exista de tratamiento de ortodoncia.\u00a0<\/p>\n<p style=\"text-align: justify;\">Edward.H. Angle public\u00f3 a finales del siglo pasado la primera clasificaci\u00f3n de las maloclusiones, que era sencilla y se sigue aplicando en la actualidad, dividiendo las maloclusiones en tres grandes grupos<\/p>\n<p style=\"text-align: justify;\">\u00a0<\/p>\n<p style=\"padding-left: 30px;\"><b>Clase I<\/b><\/p>\n<p style=\"text-align: center;\"><a href=\"https:\/\/www.odontologiabordelnieto.es\/wp-content\/uploads\/ORTODONCIA5.jpg\"><img decoding=\"async\" loading=\"lazy\" class=\" wp-image-351  aligncenter\" title=\"Clase I\" alt=\"Clase I\" src=\"https:\/\/www.odontologiabordelnieto.es\/wp-content\/uploads\/ORTODONCIA5.jpg\" width=\"162\" height=\"222\" \/><\/a><\/p>\n<p style=\"text-align: justify; padding-left: 30px;\">Maloclusi\u00f3n caracterizada por una relaci\u00f3n antero-posterior normal de los primeros molares permanentes (la c\u00faspide mesiovestibular del primer molar superior est\u00e1 en el mismo plano que el surcovestibular del primer molar inferior).<\/p>\n<p style=\"text-align: justify; padding-left: 30px;\">Siendo las relaciones sagitales normales, la situaci\u00f3n mal oclusiva consiste en las mal posiciones individuales de los dientes, la anomal\u00eda en las relaciones verticales, transversales o la desviaci\u00f3n sagital de los incisivos.<\/p>\n<p style=\"text-align: justify;\">\u00a0<\/p>\n<p style=\"text-align: justify; padding-left: 30px;\"><b>Clase II<\/b><\/p>\n<p style=\"text-align: justify; padding-left: 30px;\">Maloclusi\u00f3n caracterizada por la relaci\u00f3n sagital an\u00f3mala de los primeros molares permanentes (el surco vestibular del molar inferior est\u00e1 por distal de la c\u00faspide mesiovestibular del molar superior). Toda la arcada maxilar est\u00e1 anteriormente desplazada\u00a0 o la arcada mandibular retruida con respecto a la superior. Dentro de esta clase se distinguen dos tipos seg\u00fan la posici\u00f3n de los incisivos superiores:<\/p>\n<p style=\"text-align: left; padding-left: 60px;\"><b>Divisi\u00f3n 1\u00aa<\/b><\/p>\n<p style=\"text-align: left; padding-left: 90px;\">Incisivos en protrusi\u00f3n y aumento del resalte<\/p>\n<p style=\"text-align: center;\"><b><a href=\"https:\/\/www.odontologiabordelnieto.es\/wp-content\/uploads\/ORTODONCIA6.jpg\"><img decoding=\"async\" loading=\"lazy\" class=\"aligncenter  wp-image-352\" title=\"Clase II divisi\u00f3n 1\" alt=\"Clase II divisi\u00f3n 1\" src=\"https:\/\/www.odontologiabordelnieto.es\/wp-content\/uploads\/ORTODONCIA6.jpg\" width=\"240\" height=\"174\" \/><\/a><\/b><\/p>\n<p style=\"text-align: justify; padding-left: 60px;\">\u00a0<b>Divisi\u00f3n 2\u00aa<\/b><\/p>\n<p style=\"text-align: justify; padding-left: 90px;\">Incisivos centrales superiores retroinclinados,y los laterales con una marcada inclinaci\u00f3n vestibular.<\/p>\n<p style=\"padding-left: 90px;\">Existe una disminuci\u00f3n del resalte y un aumento de la sobremordida interincisiva.<\/p>\n<p style=\"text-align: center;\"><b><a href=\"https:\/\/www.odontologiabordelnieto.es\/wp-content\/uploads\/ORTODONCIA7.jpg\"><img decoding=\"async\" loading=\"lazy\" class=\"aligncenter  wp-image-353\" title=\"Clase II divisi\u00f3n 1\" alt=\"Clase II divisi\u00f3n 2\" src=\"https:\/\/www.odontologiabordelnieto.es\/wp-content\/uploads\/ORTODONCIA7.jpg\" width=\"222\" height=\"186\" \/><\/a><\/b><\/p>\n<p style=\"text-align: justify;\">\u00a0<\/p>\n<p style=\"text-align: justify; padding-left: 30px;\"><strong>Clase III<\/strong><\/p>\n<p style=\"text-align: justify; padding-left: 30px;\">El surco vestibular del primer molar inferior est\u00e1 por mesial de la c\u00faspide mesiovestibular del primer molar superior.<\/p>\n<p style=\"text-align: justify; padding-left: 30px;\">La arcada dentaria mandibular est\u00e1 adelantada, o la maxilar retruida, con respecto a la antagonista. La relaci\u00f3n incisiva suele estar invertida con los incisivos superiores ocluyendo por lingual de los inferiores.<\/p>\n<p style=\"text-align: center;\"><a href=\"https:\/\/www.odontologiabordelnieto.es\/wp-content\/uploads\/ORTODONCIA8.jpg\"><img decoding=\"async\" loading=\"lazy\" class=\"aligncenter  wp-image-354\" title=\"Clase III\" alt=\"Clase III\" src=\"https:\/\/www.odontologiabordelnieto.es\/wp-content\/uploads\/ORTODONCIA8.jpg\" width=\"210\" height=\"217\" \/><\/a>\u00a0<\/p>\n<p style=\"text-align: justify;\">\u00a0<b><i>Otras clasificaciones cl\u00ednicas:<\/i><\/b><\/p>\n<p style=\"text-align: justify; padding-left: 30px;\"><b>CLASIFICACI\u00d3N DE LISHER:<\/b><\/p>\n<p style=\"text-align: justify; padding-left: 60px;\"><b>Neutroclusi\u00f3n<\/b><\/p>\n<p style=\"text-align: justify; padding-left: 90px;\">Clase I de Angle.<\/p>\n<p style=\"text-align: justify; padding-left: 90px;\">Muestra una relaci\u00f3n normal o neutra de los molares.<\/p>\n<p style=\"text-align: justify; padding-left: 60px;\"><b>Distoclusi\u00f3n<\/b><\/p>\n<p style=\"text-align: justify; padding-left: 90px;\">Clase II de Angle.<\/p>\n<p style=\"text-align: justify; padding-left: 90px;\">El molar inferior ocluye por distal de la posici\u00f3n normal.<\/p>\n<p style=\"text-align: justify; padding-left: 60px;\"><b>Mesioclusi\u00f3n<\/b><\/p>\n<p style=\"text-align: justify; padding-left: 90px;\">Clase III de Angle.<\/p>\n<p style=\"text-align: justify; padding-left: 90px;\">El molar inferior ocluye por mesial de la posici\u00f3n normal.<\/p>\n<p style=\"text-align: justify; padding-left: 90px;\">\u00a0<\/p>\n<p style=\"text-align: justify; padding-left: 30px;\"><b>CLASIFICACI\u00d3N ETIOPATOG\u00c9NICA:<\/b><\/p>\n<p style=\"text-align: justify; padding-left: 60px;\">Seg\u00fan la localizaci\u00f3n preferente de la maloclusi\u00f3n.<\/p>\n<p style=\"text-align: justify; padding-left: 60px;\"><b>Maloclusi\u00f3n \u00f3sea:<\/b><\/p>\n<p style=\"text-align: justify; padding-left: 90px;\">Afecta a uno o ambos huesos maxilares en la zona alveolar, o a nivel de las bases \u00f3seas, repercutiendo en el encaje dentario oclusal.<\/p>\n<p style=\"text-align: justify; padding-left: 60px;\"><b>Maloclusi\u00f3n muscular:<\/b><\/p>\n<p style=\"text-align: justify; padding-left: 90px;\">El equilibrio muscular es el primitivamente alterado y el que causa anomal\u00eda.<\/p>\n<p style=\"text-align: justify; padding-left: 60px;\"><b>Maloclusi\u00f3n dentaria:<\/b><\/p>\n<p style=\"text-align: justify; padding-left: 90px;\">Es la propia dentici\u00f3n la que por su forma, tama\u00f1o o posici\u00f3n provoca una alteraci\u00f3n oclusal.<\/p>\n<p style=\"text-align: justify; padding-left: 90px;\">\u00a0<\/p>\n<p style=\"text-align: justify; padding-left: 30px;\"><b>CLASIFICACION\u00a0 TOPOGR\u00c1FICA:<\/b><\/p>\n<p style=\"text-align: justify; padding-left: 60px;\">Distingue tres tipos de maloclusiones seg\u00fan el plano del espacio en el que se localice la maloclusi\u00f3n.<\/p>\n<p style=\"text-align: justify; padding-left: 60px;\"><b>Maloclusi\u00f3n transversal:<\/b><\/p>\n<p style=\"text-align: justify; padding-left: 90px;\"><b>Mordida cruzada:<\/b> Uni o bilaterales.<\/p>\n<p style=\"text-align: justify; padding-left: 90px;\"><b>Mordida en tijera<\/b><\/p>\n<p style=\"text-align: justify; padding-left: 60px;\"><b>Maloclusi\u00f3n vertical:<\/b><\/p>\n<p style=\"text-align: justify; padding-left: 90px;\"><b>Mordida abierta.<\/b><\/p>\n<p style=\"text-align: justify; padding-left: 90px;\"><b>Sobre-mordida.<\/b><\/p>\n<p style=\"text-align: justify; padding-left: 60px;\"><b>Maloclusi\u00f3n sagital:<\/b><\/p>\n<p style=\"text-align: justify; padding-left: 90px;\">En referencia a las relaciones antero posteriores de las arcadas.<\/p>\n<p style=\"text-align: justify; padding-left: 90px;\">\u00a0<\/p>\n<p style=\"text-align: justify; padding-left: 30px;\"><b>SEG\u00daN LA EXTENSI\u00d3N DE LA ANOMALIA:<\/b><\/p>\n<p style=\"text-align: justify; padding-left: 60px;\"><b>Maloclusi\u00f3n local:<\/b><\/p>\n<p style=\"text-align: justify; padding-left: 90px;\">Circunscrita a una zona de la dentici\u00f3n afectando a un diente o a un peque\u00f1o grupo de dientes.<\/p>\n<p style=\"text-align: justify; padding-left: 60px;\"><b>Maloclusi\u00f3n general<\/b>:<\/p>\n<p style=\"text-align: justify; padding-left: 90px;\">Comprende a toda una arcada dentaria o a las relaciones conjuntas entre ambas arcadas dentarias.<\/p>\n<p style=\"text-align: justify; padding-left: 90px;\">\u00a0<\/p>\n<p style=\"text-align: justify;\"><strong>ETIOLOG\u00cdA DE LAS MALOCLUSIONES<\/strong><\/p>\n<p style=\"text-align: justify;\">La etiolog\u00eda de la mayor\u00eda de las maloclusiones no consiste en una causa espec\u00edfica conocida, sino en variaciones m\u00e1s o menos acentuadas del crecimiento y desarrollo del individuo. Es por esta raz\u00f3n por la que la identificaci\u00f3n de factores de riesgo debido a la falta de causalidad es muy dif\u00edcil.<\/p>\n<p style=\"text-align: justify;\">La prevalencia de maloclusiones indica que aproximadamente un tercio de la poblaci\u00f3n tiene una oclusi\u00f3n que puede considerarse normal o casi normal mientras que unos dos tercios tienen alg\u00fan grado de maloclusi\u00f3n. De estos \u00faltimos, s\u00f3lo un peque\u00f1o grupo (5%) tiene una maloclusi\u00f3n atribuible a una causa espec\u00edfica conocida. Por el contrario, la mayor\u00eda de las maloclusiones son el resultado de una combinaci\u00f3n compleja de influencias gen\u00e9ticas y ambientales y no est\u00e1n causadas por un proceso patol\u00f3gico, sino por variaciones m\u00e1s o menos moderadas del desarrollo normal.<\/p>\n<p style=\"text-align: justify;\">Desde una perspectiva preventiva es importante conocer las causas espec\u00edficas de la maloclusi\u00f3n, porque ello nos permitir\u00e1 prevenirlas, aunque s\u00f3lo representen una peque\u00f1a parte del conjunto. Por otro lado, se ha de poner el \u00e9nfasis en aumentar el conocimiento de los factores ambientales capaces de modificar de modo m\u00e1s perjudicial el desarrollo normal.<\/p>\n<p style=\"text-align: justify;\">\u00a0<\/p>\n<p style=\"text-align: justify;\"><strong>INFLUENCIAS GEN\u00c9TICAS<\/strong><\/p>\n<p style=\"text-align: justify;\">El papel de la herencia se ha demostrado en diversas investigaciones que establecen la similitud de las caracter\u00edsticas craneofaciales entre padres e hijos. Los gemelos mono-cigotos, aunque presentan cierta variaci\u00f3n en el tama\u00f1o la forma y la disposici\u00f3n espacial de los componentes \u00f3seos del esqueleto se parecen mucho m\u00e1s entre s\u00ed que los gemelos que no comparten el mismo material gen\u00e9tico.<\/p>\n<p style=\"text-align: justify;\">El an\u00e1lisis de variables craneom\u00e9tricas entre parejas de hermanos muestra que las estructuras del esqueleto craneofacial tienen un\u00a0 alto componente hereditario. Los factores gen\u00e9ticos tambi\u00e9n tienen un impacto importante en la amplitud y longitud de la arcada.<\/p>\n<p style=\"text-align: justify;\">Parece por tanto, que excepto en las situaciones en las que la etiolog\u00eda es clara (traumatismos),la mayor\u00eda de las maloclusiones esquel\u00e9ticas moderadas suelen ser el resultado de un patr\u00f3n heredado. Este ser\u00eda el caso de la mayor\u00eda de las clases II, en las que suele existir un patr\u00f3n heredado de d\u00e9ficit mandibular y de las clases III, en las que existe una clara tendencia familiar y racial, y en los problemas verticales.<\/p>\n<p style=\"text-align: justify;\">Por su parte el tama\u00f1o dental, la morfolog\u00eda dental y la formaci\u00f3n radicular est\u00e1n en gran medida bajo el control gen\u00e9tico.<\/p>\n<p style=\"text-align: justify;\">En cambio, las variables basadas en la posici\u00f3n y relaci\u00f3n de los dientes(api\u00f1amiento, rotaciones, &#8230;) tienen una capacidad de transmisi\u00f3n hereditaria muy baja.\u00a0<\/p>\n<p style=\"text-align: justify;\">\u00a0<\/p>\n<p style=\"text-align: justify;\"><strong>FACTORES AMBIENTALES<\/strong><\/p>\n<p style=\"text-align: justify;\">Existen factores externos que pueden afectar la situaci\u00f3n de equilibrio en la que se encuentran las estructuras dentarias y esquel\u00e9ticas. El efecto de una fuerza ambiental que rompa esta situaci\u00f3n de equilibrio depende fundamentalmente de su duraci\u00f3n y no de su intensidad. Eso significa que cualquier tipo de fuerza que no act\u00fae de forma constante durante al menos 6 horas, no tendr\u00e1 implicaci\u00f3n alguna sobre la dentici\u00f3n porque no alterar\u00e1 la situaci\u00f3n de equilibrio en la que se encuentran los dientes.<\/p>\n<p style=\"text-align: justify;\">El posible efecto del ambiente sobre el sistema estomatogn\u00e1tico con el paso del tiempo parece evidenciarse cuando se compara la prevalencia de maloclusiones en la actualidad con la de poblaciones primitivas. Diversos autores observan una mayor prevalencia de maloclusiones en la sociedad actual, debido a los cambios de la dieta y a la reducci\u00f3n de la demanda funcional sobre los maxilares que provocan un menor desarrollo de las arcadas.<\/p>\n<p style=\"text-align: justify;\">A continuaci\u00f3n revisaremos de forma breve algunas posibles influencias de tipo ambiental:<\/p>\n<p style=\"text-align: justify; padding-left: 30px;\"><strong>POSICI\u00d3N LINGUAL<\/strong><\/p>\n<p style=\"text-align: justify; padding-left: 30px;\">La protusi\u00f3n lingual que realizan los ni\u00f1os en la degluci\u00f3n forma parte de la fase transicional a una degluci\u00f3n m\u00e1s madura. Pero la lengua puede ser un factor etiol\u00f3gico en el desarrollo de una maloclusi\u00f3n si su posici\u00f3n de reposo no es normal y las presiones de reposo no es normal y su posici\u00f3n al tragar est\u00e1 alterada.<\/p>\n<p style=\"text-align: justify; padding-left: 30px;\">La protusi\u00f3n lingual al tragar no implica siempre una posici\u00f3n alterada y, por tanto que determine una maloclusi\u00f3n. En los ni\u00f1os con una mordida abierta anterior la posici\u00f3n lingual puede ser un factor de perpetuaci\u00f3n de la maloclusi\u00f3n, pero en la mayor\u00eda de los casos no es la causa en s\u00ed misma.<\/p>\n<p style=\"text-align: justify; padding-left: 30px;\"><strong>HABITOS DE SUCCION<\/strong><\/p>\n<p style=\"text-align: justify; padding-left: 30px;\">El h\u00e1bito de succi\u00f3n es un reflejo innato que poseen todos los ni\u00f1os y que en mayor o menor medida se presentan en casi todos los lactantes y ni\u00f1os. Esta necesidad se puede satisfacer con la lactancia materna o artificial. Sin embargo, en muchas ocasiones queda una necesidad no satisfecha de succi\u00f3n que el ni\u00f1o trata de completar. En nuestra sociedad este reflejo se satisface con la succi\u00f3n de un chupete o un dedo.<\/p>\n<p style=\"text-align: justify; padding-left: 30px;\">El problema aparece cuando este h\u00e1bito se prolonga: La aparici\u00f3n de una maloclusi\u00f3n debida a un h\u00e1bito de succi\u00f3n depende, como cualquier est\u00edmulo externo que altere el equilibrio dental y esquel\u00e9tico, del n\u00famero de horas y no de la magnitud del chupeteo.<\/p>\n<p style=\"text-align: justify; padding-left: 30px;\">Las consecuencias del h\u00e1bito de succi\u00f3n dependen del momento del inicio y la finalizaci\u00f3n del h\u00e1bito. Por ejemplo, el efecto durante la dentici\u00f3n temporal es escaso o nulo. Sin embargo, si el h\u00e1bito persiste en dentici\u00f3n mixta avanzada el efecto puede ser la aparici\u00f3n de una maloclusi\u00f3n que muestra mordida abierta anterior, compresi\u00f3n maxilar, vestibulizaci\u00f3n de los incisivos superiores y lingualizaci\u00f3n de los inferiores.<\/p>\n<p style=\"text-align: justify; padding-left: 30px;\">Por fortuna, la succi\u00f3n del chupete suele suprimirse espont\u00e1neamente o con poco esfuerzo hacia los 4 a\u00f1os, mientras que es dif\u00edcil el cese espont\u00e1neo o sin dificultad del chupeteo del dedo. En general, el cese del h\u00e1bito comporta una correcci\u00f3n parcial o total de la maloclusi\u00f3n provocada si se produce en una edad temprana.<\/p>\n<p style=\"text-align: justify; padding-left: 30px;\"><strong>RESPIRACI\u00d3N ORAL<\/strong><\/p>\n<p style=\"text-align: justify; padding-left: 30px;\">La respiraci\u00f3n es la actividad funcional m\u00e1s importante en el desarrollo de la dentici\u00f3n y del crecimiento de la cara. La respiraci\u00f3n oral puede aparecer como consecuencia de la reducci\u00f3n del paso a\u00e9reo de la nariz o de la nasofaringe por circunstancias de tipo mec\u00e1nico o al\u00e9rgico. Pero en muchos respiradores orales no se encuentra una obstrucci\u00f3n de tipo mec\u00e1nico.<\/p>\n<p style=\"text-align: justify; padding-left: 30px;\">La respiraci\u00f3n oral conlleva una apertura de los labios, y un cambio de la postura cr\u00e1neo-cervical para facilitar la respiraci\u00f3n (flexi\u00f3n posterior de la cabeza); debido a ello la mand\u00edbula efect\u00faa una rotaci\u00f3n posterior, de forma que la lengua queda en una posici\u00f3n descendida sin contacto con el paladar. Si el periodo de respiraci\u00f3n oral se prolonga, este cambio de postura de la cabeza-mand\u00edbula-lengua puede provocar un cambio del equilibrio de las presiones sobre los dientes y los maxilares que de lugar a una afectaci\u00f3n del crecimiento de los maxilares y de la posici\u00f3n de los dientes.<\/p>\n<\/td>\n<\/tr>\n<\/tbody>\n<\/table>\n<p><\/p>\n","protected":false},"excerpt":{"rendered":"<p>&nbsp; ORTODONCIA La ortodoncia es la especialidad dentro de la odontolog\u00eda, que busca la correcci\u00f3n de las maloclusiones o defectos en la posici\u00f3n de los dientes, gracias a fuerzas ejercidas mediante aparatos que producen un movimiento controlado de dichos dientes.&hellip;<\/p>\n<p class=\"more-link-p\"><a class=\"more-link\" href=\"https:\/\/www.odontologiabordelnieto.es\/?page_id=132\">Read more &rarr;<\/a><\/p>\n","protected":false},"author":1,"featured_media":0,"parent":0,"menu_order":0,"comment_status":"closed","ping_status":"open","template":"","meta":[],"yoast_head":"<!-- This site is optimized with the Yoast SEO plugin v19.10 - https:\/\/yoast.com\/wordpress\/plugins\/seo\/ -->\n<title>Ortodoncia - Odontolog\u00eda BORDEL NIETO<\/title>\n<meta name=\"robots\" content=\"index, follow, max-snippet:-1, max-image-preview:large, max-video-preview:-1\" \/>\n<link rel=\"canonical\" href=\"https:\/\/www.odontologiabordelnieto.es\/?page_id=132\" \/>\n<meta property=\"og:locale\" content=\"es_ES\" \/>\n<meta property=\"og:type\" content=\"article\" \/>\n<meta property=\"og:title\" content=\"Ortodoncia - Odontolog\u00eda BORDEL NIETO\" \/>\n<meta property=\"og:description\" content=\"&nbsp; ORTODONCIA La ortodoncia es la especialidad dentro de la odontolog\u00eda, que busca la correcci\u00f3n de las maloclusiones o defectos en la posici\u00f3n de los dientes, gracias a fuerzas ejercidas mediante aparatos que producen un movimiento controlado de dichos dientes.&hellip;Read more &rarr;\" \/>\n<meta property=\"og:url\" content=\"https:\/\/www.odontologiabordelnieto.es\/?page_id=132\" \/>\n<meta property=\"og:site_name\" content=\"Odontolog\u00eda BORDEL NIETO\" \/>\n<meta property=\"article:modified_time\" content=\"2013-10-27T21:42:28+00:00\" \/>\n<meta property=\"og:image\" content=\"https:\/\/www.odontologiabordelnieto.es\/wp-content\/uploads\/ORTODONCIA1.jpg\" \/>\n<meta name=\"twitter:card\" content=\"summary_large_image\" \/>\n<meta name=\"twitter:label1\" content=\"Tiempo de lectura\" \/>\n\t<meta name=\"twitter:data1\" content=\"12 minutos\" \/>\n<script type=\"application\/ld+json\" class=\"yoast-schema-graph\">{\"@context\":\"https:\/\/schema.org\",\"@graph\":[{\"@type\":\"WebPage\",\"@id\":\"https:\/\/www.odontologiabordelnieto.es\/?page_id=132\",\"url\":\"https:\/\/www.odontologiabordelnieto.es\/?page_id=132\",\"name\":\"Ortodoncia - Odontolog\u00eda BORDEL NIETO\",\"isPartOf\":{\"@id\":\"https:\/\/www.odontologiabordelnieto.es\/#website\"},\"datePublished\":\"2013-07-25T22:06:18+00:00\",\"dateModified\":\"2013-10-27T21:42:28+00:00\",\"breadcrumb\":{\"@id\":\"https:\/\/www.odontologiabordelnieto.es\/?page_id=132#breadcrumb\"},\"inLanguage\":\"es\",\"potentialAction\":[{\"@type\":\"ReadAction\",\"target\":[\"https:\/\/www.odontologiabordelnieto.es\/?page_id=132\"]}]},{\"@type\":\"BreadcrumbList\",\"@id\":\"https:\/\/www.odontologiabordelnieto.es\/?page_id=132#breadcrumb\",\"itemListElement\":[{\"@type\":\"ListItem\",\"position\":1,\"name\":\"Portada\",\"item\":\"https:\/\/www.odontologiabordelnieto.es\/\"},{\"@type\":\"ListItem\",\"position\":2,\"name\":\"Ortodoncia\"}]},{\"@type\":\"WebSite\",\"@id\":\"https:\/\/www.odontologiabordelnieto.es\/#website\",\"url\":\"https:\/\/www.odontologiabordelnieto.es\/\",\"name\":\"Odontolog\u00eda BORDEL NIETO\",\"description\":\"Los mejores especialistas en tu salud bucodental\",\"potentialAction\":[{\"@type\":\"SearchAction\",\"target\":{\"@type\":\"EntryPoint\",\"urlTemplate\":\"https:\/\/www.odontologiabordelnieto.es\/?s={search_term_string}\"},\"query-input\":\"required name=search_term_string\"}],\"inLanguage\":\"es\"}]}<\/script>\n<!-- \/ Yoast SEO plugin. -->","yoast_head_json":{"title":"Ortodoncia - Odontolog\u00eda BORDEL NIETO","robots":{"index":"index","follow":"follow","max-snippet":"max-snippet:-1","max-image-preview":"max-image-preview:large","max-video-preview":"max-video-preview:-1"},"canonical":"https:\/\/www.odontologiabordelnieto.es\/?page_id=132","og_locale":"es_ES","og_type":"article","og_title":"Ortodoncia - Odontolog\u00eda BORDEL NIETO","og_description":"&nbsp; ORTODONCIA La ortodoncia es la especialidad dentro de la odontolog\u00eda, que busca la correcci\u00f3n de las maloclusiones o defectos en la posici\u00f3n de los dientes, gracias a fuerzas ejercidas mediante aparatos que producen un movimiento controlado de dichos dientes.&hellip;Read more &rarr;","og_url":"https:\/\/www.odontologiabordelnieto.es\/?page_id=132","og_site_name":"Odontolog\u00eda BORDEL NIETO","article_modified_time":"2013-10-27T21:42:28+00:00","og_image":[{"url":"https:\/\/www.odontologiabordelnieto.es\/wp-content\/uploads\/ORTODONCIA1.jpg"}],"twitter_card":"summary_large_image","twitter_misc":{"Tiempo de lectura":"12 minutos"},"schema":{"@context":"https:\/\/schema.org","@graph":[{"@type":"WebPage","@id":"https:\/\/www.odontologiabordelnieto.es\/?page_id=132","url":"https:\/\/www.odontologiabordelnieto.es\/?page_id=132","name":"Ortodoncia - Odontolog\u00eda BORDEL NIETO","isPartOf":{"@id":"https:\/\/www.odontologiabordelnieto.es\/#website"},"datePublished":"2013-07-25T22:06:18+00:00","dateModified":"2013-10-27T21:42:28+00:00","breadcrumb":{"@id":"https:\/\/www.odontologiabordelnieto.es\/?page_id=132#breadcrumb"},"inLanguage":"es","potentialAction":[{"@type":"ReadAction","target":["https:\/\/www.odontologiabordelnieto.es\/?page_id=132"]}]},{"@type":"BreadcrumbList","@id":"https:\/\/www.odontologiabordelnieto.es\/?page_id=132#breadcrumb","itemListElement":[{"@type":"ListItem","position":1,"name":"Portada","item":"https:\/\/www.odontologiabordelnieto.es\/"},{"@type":"ListItem","position":2,"name":"Ortodoncia"}]},{"@type":"WebSite","@id":"https:\/\/www.odontologiabordelnieto.es\/#website","url":"https:\/\/www.odontologiabordelnieto.es\/","name":"Odontolog\u00eda BORDEL NIETO","description":"Los mejores especialistas en tu salud bucodental","potentialAction":[{"@type":"SearchAction","target":{"@type":"EntryPoint","urlTemplate":"https:\/\/www.odontologiabordelnieto.es\/?s={search_term_string}"},"query-input":"required name=search_term_string"}],"inLanguage":"es"}]}},"_links":{"self":[{"href":"https:\/\/www.odontologiabordelnieto.es\/index.php?rest_route=\/wp\/v2\/pages\/132"}],"collection":[{"href":"https:\/\/www.odontologiabordelnieto.es\/index.php?rest_route=\/wp\/v2\/pages"}],"about":[{"href":"https:\/\/www.odontologiabordelnieto.es\/index.php?rest_route=\/wp\/v2\/types\/page"}],"author":[{"embeddable":true,"href":"https:\/\/www.odontologiabordelnieto.es\/index.php?rest_route=\/wp\/v2\/users\/1"}],"replies":[{"embeddable":true,"href":"https:\/\/www.odontologiabordelnieto.es\/index.php?rest_route=%2Fwp%2Fv2%2Fcomments&post=132"}],"version-history":[{"count":24,"href":"https:\/\/www.odontologiabordelnieto.es\/index.php?rest_route=\/wp\/v2\/pages\/132\/revisions"}],"predecessor-version":[{"id":347,"href":"https:\/\/www.odontologiabordelnieto.es\/index.php?rest_route=\/wp\/v2\/pages\/132\/revisions\/347"}],"wp:attachment":[{"href":"https:\/\/www.odontologiabordelnieto.es\/index.php?rest_route=%2Fwp%2Fv2%2Fmedia&parent=132"}],"curies":[{"name":"wp","href":"https:\/\/api.w.org\/{rel}","templated":true}]}}